{"id":439,"date":"2021-11-22T12:10:34","date_gmt":"2021-11-22T11:10:34","guid":{"rendered":"https:\/\/www.oslonyokienne.com\/zaluzje\/"},"modified":"2024-02-09T09:26:23","modified_gmt":"2024-02-09T08:26:23","slug":"zaluzie","status":"publish","type":"page","link":"https:\/\/www.oslonyokienne.com\/cs\/nabidka\/zaluzie\/","title":{"rendered":"\u017daluzie"},"content":{"rendered":"\n<h2 class=\"wp-block-heading\">\u017daluzie &#8211; v\u00edce ne\u017e jen okenn\u00ed krytiny<\/h2>\n\n\n\n<p><strong>\u017daluzie<\/strong> \u00fasp\u011b\u0161n\u011b nahrazuj\u00ed z\u00e1clony a z\u00e1v\u011bsy i tradi\u010dn\u00ed rolety. Jejich univerz\u00e1lnost umo\u017e\u0148uje pou\u017eit\u00ed i na architektonicky n\u00e1ro\u010dn\u00fdch m\u00edstech. Na\u0161e spole\u010dnost se specializuje na speci\u00e1ln\u00ed \u00fakoly &#8211; navrhneme a vybereme vhodn\u00e9 \u017ealuzie pro v\u00e1\u0161 d\u016fm nebo firmu.<\/p>\n\n\n\n<h2 class=\"wp-block-heading\">\u017daluzie a vertik\u00e1ly v Kotlin\u011b Kladsk\u00e9 &#8211; estetika, funk\u010dnost a komplexn\u00ed servis<\/h2>\n\n\n\n<p>\u017daluzie<strong>nebo plis\u00e9<\/strong> jsou \u010dast\u00fdm prvkem modern\u00edch n\u00e1vrh\u016f dom\u016f a byt\u016f v Kotlin\u011b <strong>Kladsk\u00e9<\/strong>, pln\u00ed praktickou i estetickou funkci. Horizont\u00e1ln\u00ed \u017ealuzie v r\u016fzn\u00fdch \u0161\u00ed\u0159k\u00e1ch lamel, barv\u00e1ch a materi\u00e1lech mohou \u00fa\u010dinn\u011b ozdobit okna a doplnit dekor m\u00edstnosti. Vertik\u00e1ln\u00ed \u017ealuzie jsou \u010dast\u011bj\u0161\u00ed v obchodn\u00edch a pr\u016fmyslov\u00fdch prostor\u00e1ch i v dom\u00e1cnostech. V\u0161e z\u00e1le\u017e\u00ed na p\u0159edstav\u011b klienta nebo interi\u00e9rov\u00e9ho design\u00e9ra. Pom\u016f\u017eeme v\u00e1m vybrat spr\u00e1vn\u00e9 \u017ealuzie, porad\u00edme s jejich stylizac\u00ed a samoz\u0159ejm\u011b se postar\u00e1me o jejich instalaci. Komplexn\u00ed slu\u017eby na\u0161\u00ed spole\u010dnosti v\u00e1m u\u0161et\u0159\u00ed \u010das i pen\u00edze, kter\u00e9 m\u016f\u017eete vyu\u017e\u00edt k jin\u00fdm \u00fa\u010del\u016fm. Mnoho firem z <strong>Kotliny Kladsk\u00e9 <\/strong>se rozhodlo pro pou\u017eit\u00ed <strong>vertik\u00e1l<\/strong> na pracovi\u0161ti a vytvo\u0159ilo d\u00edky nim p\u0159\u00edv\u011btiv\u00e9 prostory pro sv\u00e9 zam\u011bstnance. Pro\u010d? Na to ji\u017e m\u00e1me odpov\u011b\u010f! Vertik\u00e1ly <strong>neboli<\/strong> vertik\u00e1ln\u00ed \u017ealuzie lze nastavovat podle vn\u011bj\u0161\u00edho osv\u011btlen\u00ed, co\u017e umo\u017e\u0148uje \u00fa\u010dinn\u011b regulovat p\u0159\u00edstup sv\u011btla do m\u00edstnosti. T\u00edm se minimalizuje pou\u017e\u00edv\u00e1n\u00ed um\u011bl\u00e9ho osv\u011btlen\u00ed a vyu\u017e\u00edv\u00e1 se p\u0159irozen\u00e9 slune\u010dn\u00ed sv\u011btlo, co\u017e sni\u017euje n\u00e1klady na energii. Pro va\u0161i firmu to znamen\u00e1 \u00fasporu energie a va\u0161i zam\u011bstnanci mohou z\u00edskat dal\u0161\u00ed d\u00e1vku vitaminu D. <strong>Vertik\u00e1ln\u00ed sv\u00edtidla <\/strong>tak\u00e9 umo\u017e\u0148uj\u00ed zam\u011bstnanc\u016fm nastavit mno\u017estv\u00ed sv\u011btla v m\u00edstnosti podle jejich individu\u00e1ln\u00edch preferenc\u00ed. To zvy\u0161uje pohodl\u00ed a m\u016f\u017ee zlep\u0161it produktivitu a pohodu zam\u011bstnanc\u016f. Jak\u00e9 je dal\u0161\u00ed plus <strong>vertik\u00e1l<\/strong>? Rozhodn\u011b to, \u017ee se jedn\u00e1 o odoln\u00e1 \u0159e\u0161en\u00ed, kter\u00e1 se snadno \u010dist\u00ed a udr\u017euj\u00ed, co\u017e je v kancel\u00e1\u0159sk\u00e9m prost\u0159ed\u00ed praktick\u00e9.<\/p>\n","protected":false},"excerpt":{"rendered":"<p>\u017daluzie &#8211; v\u00edce ne\u017e jen okenn\u00ed krytiny \u017daluzie \u00fasp\u011b\u0161n\u011b nahrazuj\u00ed z\u00e1clony a z\u00e1v\u011bsy i tradi\u010dn\u00ed rolety. Jejich univerz\u00e1lnost umo\u017e\u0148uje pou\u017eit\u00ed i na architektonicky n\u00e1ro\u010dn\u00fdch m\u00edstech. Na\u0161e spole\u010dnost se specializuje na speci\u00e1ln\u00ed \u00fakoly &#8211; navrhneme a vybereme vhodn\u00e9 \u017ealuzie pro v\u00e1\u0161 d\u016fm nebo firmu. \u017daluzie a vertik\u00e1ly v Kotlin\u011b Kladsk\u00e9 &#8211; estetika, funk\u010dnost a komplexn\u00ed servis&hellip; <a class=\"more-link\" href=\"https:\/\/www.oslonyokienne.com\/cs\/nabidka\/zaluzie\/\">Pokra\u010dovat ve\u00a0\u010dten\u00ed <span class=\"screen-reader-text\">\u017daluzie<\/span><\/a><\/p>\n","protected":false},"author":1,"featured_media":0,"parent":443,"menu_order":0,"comment_status":"closed","ping_status":"closed","template":"singleservice.php","meta":{"footnotes":""},"class_list":["post-439","page","type-page","status-publish","hentry","entry"],"yoast_head":"<!-- This site is optimized with the Yoast SEO plugin v21.9.1 - https:\/\/yoast.com\/wordpress\/plugins\/seo\/ -->\n<title>Zaluzie \/ Z\u00e1hyby \/ Vertik\u00e1ly - K\u0142odzko \/ Nowa Ruda \/ Kotlina K\u0142odzka - Tax and Trade<\/title>\n<meta name=\"description\" content=\"Vytvarujte si sv\u011btlo podle sebe! Na\u0161e rolety poskytuj\u00ed vynikaj\u00edc\u00ed ochranu a styl. Objevte na\u0161i nab\u00eddku \u017ealuzi\u00ed a prom\u011b\u0148te sv\u016fj interi\u00e9r!\" \/>\n<meta name=\"robots\" content=\"index, follow, max-snippet:-1, max-image-preview:large, max-video-preview:-1\" \/>\n<link rel=\"canonical\" href=\"https:\/\/www.oslonyokienne.com\/cs\/nabidka\/zaluzie\/\" \/>\n<meta property=\"og:locale\" content=\"cs_CZ\" \/>\n<meta property=\"og:type\" content=\"article\" \/>\n<meta property=\"og:title\" content=\"Zaluzie \/ Z\u00e1hyby \/ Vertik\u00e1ly - K\u0142odzko \/ Nowa Ruda \/ Kotlina K\u0142odzka - Tax and Trade\" \/>\n<meta property=\"og:description\" content=\"Vytvarujte si sv\u011btlo podle sebe! Na\u0161e rolety poskytuj\u00ed vynikaj\u00edc\u00ed ochranu a styl. Objevte na\u0161i nab\u00eddku \u017ealuzi\u00ed a prom\u011b\u0148te sv\u016fj interi\u00e9r!\" \/>\n<meta property=\"og:url\" content=\"https:\/\/www.oslonyokienne.com\/cs\/nabidka\/zaluzie\/\" \/>\n<meta property=\"og:site_name\" content=\"Tax and Trade\" \/>\n<meta property=\"article:modified_time\" content=\"2024-02-09T08:26:23+00:00\" \/>\n<meta name=\"twitter:card\" content=\"summary_large_image\" \/>\n<meta name=\"twitter:label1\" content=\"Odhadovan\u00e1 doba \u010dten\u00ed\" \/>\n\t<meta name=\"twitter:data1\" content=\"1 minuta\" \/>\n<script type=\"application\/ld+json\" class=\"yoast-schema-graph\">{\"@context\":\"https:\/\/schema.org\",\"@graph\":[{\"@type\":\"WebPage\",\"@id\":\"https:\/\/www.oslonyokienne.com\/cs\/nabidka\/zaluzie\/\",\"url\":\"https:\/\/www.oslonyokienne.com\/cs\/nabidka\/zaluzie\/\",\"name\":\"Zaluzie \/ Z\u00e1hyby \/ Vertik\u00e1ly - K\u0142odzko \/ Nowa Ruda \/ Kotlina K\u0142odzka - Tax and Trade\",\"isPartOf\":{\"@id\":\"https:\/\/www.oslonyokienne.com\/cs\/#website\"},\"datePublished\":\"2021-11-22T11:10:34+00:00\",\"dateModified\":\"2024-02-09T08:26:23+00:00\",\"description\":\"Vytvarujte si sv\u011btlo podle sebe! Na\u0161e rolety poskytuj\u00ed vynikaj\u00edc\u00ed ochranu a styl. Objevte na\u0161i nab\u00eddku \u017ealuzi\u00ed a prom\u011b\u0148te sv\u016fj interi\u00e9r!\",\"breadcrumb\":{\"@id\":\"https:\/\/www.oslonyokienne.com\/cs\/nabidka\/zaluzie\/#breadcrumb\"},\"inLanguage\":\"cs\",\"potentialAction\":[{\"@type\":\"ReadAction\",\"target\":[\"https:\/\/www.oslonyokienne.com\/cs\/nabidka\/zaluzie\/\"]}]},{\"@type\":\"BreadcrumbList\",\"@id\":\"https:\/\/www.oslonyokienne.com\/cs\/nabidka\/zaluzie\/#breadcrumb\",\"itemListElement\":[{\"@type\":\"ListItem\",\"position\":1,\"name\":\"Strona g\u0142\u00f3wna\",\"item\":\"https:\/\/www.oslonyokienne.com\/cs\/\"},{\"@type\":\"ListItem\",\"position\":2,\"name\":\"Nab\u00eddka\",\"item\":\"https:\/\/www.oslonyokienne.com\/cs\/nabidka\/\"},{\"@type\":\"ListItem\",\"position\":3,\"name\":\"\u017daluzie\"}]},{\"@type\":\"WebSite\",\"@id\":\"https:\/\/www.oslonyokienne.com\/cs\/#website\",\"url\":\"https:\/\/www.oslonyokienne.com\/cs\/\",\"name\":\"Tax and Trade\",\"description\":\"\",\"publisher\":{\"@id\":\"https:\/\/www.oslonyokienne.com\/cs\/#organization\"},\"potentialAction\":[{\"@type\":\"SearchAction\",\"target\":{\"@type\":\"EntryPoint\",\"urlTemplate\":\"https:\/\/www.oslonyokienne.com\/cs\/?s={search_term_string}\"},\"query-input\":\"required name=search_term_string\"}],\"inLanguage\":\"cs\"},{\"@type\":\"Organization\",\"@id\":\"https:\/\/www.oslonyokienne.com\/cs\/#organization\",\"name\":\"Tax and Trade\",\"url\":\"https:\/\/www.oslonyokienne.com\/cs\/\",\"logo\":{\"@type\":\"ImageObject\",\"inLanguage\":\"cs\",\"@id\":\"https:\/\/www.oslonyokienne.com\/cs\/#\/schema\/logo\/image\/\",\"url\":\"https:\/\/www.oslonyokienne.com\/wp-content\/uploads\/2021\/11\/logo.png\",\"contentUrl\":\"https:\/\/www.oslonyokienne.com\/wp-content\/uploads\/2021\/11\/logo.png\",\"width\":255,\"height\":59,\"caption\":\"Tax and Trade\"},\"image\":{\"@id\":\"https:\/\/www.oslonyokienne.com\/cs\/#\/schema\/logo\/image\/\"}}]}<\/script>\n<!-- \/ Yoast SEO plugin. -->","yoast_head_json":{"title":"Zaluzie \/ Z\u00e1hyby \/ Vertik\u00e1ly - K\u0142odzko \/ Nowa Ruda \/ Kotlina K\u0142odzka - Tax and Trade","description":"Vytvarujte si sv\u011btlo podle sebe! Na\u0161e rolety poskytuj\u00ed vynikaj\u00edc\u00ed ochranu a styl. Objevte na\u0161i nab\u00eddku \u017ealuzi\u00ed a prom\u011b\u0148te sv\u016fj interi\u00e9r!","robots":{"index":"index","follow":"follow","max-snippet":"max-snippet:-1","max-image-preview":"max-image-preview:large","max-video-preview":"max-video-preview:-1"},"canonical":"https:\/\/www.oslonyokienne.com\/cs\/nabidka\/zaluzie\/","og_locale":"cs_CZ","og_type":"article","og_title":"Zaluzie \/ Z\u00e1hyby \/ Vertik\u00e1ly - K\u0142odzko \/ Nowa Ruda \/ Kotlina K\u0142odzka - Tax and Trade","og_description":"Vytvarujte si sv\u011btlo podle sebe! Na\u0161e rolety poskytuj\u00ed vynikaj\u00edc\u00ed ochranu a styl. Objevte na\u0161i nab\u00eddku \u017ealuzi\u00ed a prom\u011b\u0148te sv\u016fj interi\u00e9r!","og_url":"https:\/\/www.oslonyokienne.com\/cs\/nabidka\/zaluzie\/","og_site_name":"Tax and Trade","article_modified_time":"2024-02-09T08:26:23+00:00","twitter_card":"summary_large_image","twitter_misc":{"Odhadovan\u00e1 doba \u010dten\u00ed":"1 minuta"},"schema":{"@context":"https:\/\/schema.org","@graph":[{"@type":"WebPage","@id":"https:\/\/www.oslonyokienne.com\/cs\/nabidka\/zaluzie\/","url":"https:\/\/www.oslonyokienne.com\/cs\/nabidka\/zaluzie\/","name":"Zaluzie \/ Z\u00e1hyby \/ Vertik\u00e1ly - K\u0142odzko \/ Nowa Ruda \/ Kotlina K\u0142odzka - Tax and Trade","isPartOf":{"@id":"https:\/\/www.oslonyokienne.com\/cs\/#website"},"datePublished":"2021-11-22T11:10:34+00:00","dateModified":"2024-02-09T08:26:23+00:00","description":"Vytvarujte si sv\u011btlo podle sebe! Na\u0161e rolety poskytuj\u00ed vynikaj\u00edc\u00ed ochranu a styl. Objevte na\u0161i nab\u00eddku \u017ealuzi\u00ed a prom\u011b\u0148te sv\u016fj interi\u00e9r!","breadcrumb":{"@id":"https:\/\/www.oslonyokienne.com\/cs\/nabidka\/zaluzie\/#breadcrumb"},"inLanguage":"cs","potentialAction":[{"@type":"ReadAction","target":["https:\/\/www.oslonyokienne.com\/cs\/nabidka\/zaluzie\/"]}]},{"@type":"BreadcrumbList","@id":"https:\/\/www.oslonyokienne.com\/cs\/nabidka\/zaluzie\/#breadcrumb","itemListElement":[{"@type":"ListItem","position":1,"name":"Strona g\u0142\u00f3wna","item":"https:\/\/www.oslonyokienne.com\/cs\/"},{"@type":"ListItem","position":2,"name":"Nab\u00eddka","item":"https:\/\/www.oslonyokienne.com\/cs\/nabidka\/"},{"@type":"ListItem","position":3,"name":"\u017daluzie"}]},{"@type":"WebSite","@id":"https:\/\/www.oslonyokienne.com\/cs\/#website","url":"https:\/\/www.oslonyokienne.com\/cs\/","name":"Tax and Trade","description":"","publisher":{"@id":"https:\/\/www.oslonyokienne.com\/cs\/#organization"},"potentialAction":[{"@type":"SearchAction","target":{"@type":"EntryPoint","urlTemplate":"https:\/\/www.oslonyokienne.com\/cs\/?s={search_term_string}"},"query-input":"required name=search_term_string"}],"inLanguage":"cs"},{"@type":"Organization","@id":"https:\/\/www.oslonyokienne.com\/cs\/#organization","name":"Tax and Trade","url":"https:\/\/www.oslonyokienne.com\/cs\/","logo":{"@type":"ImageObject","inLanguage":"cs","@id":"https:\/\/www.oslonyokienne.com\/cs\/#\/schema\/logo\/image\/","url":"https:\/\/www.oslonyokienne.com\/wp-content\/uploads\/2021\/11\/logo.png","contentUrl":"https:\/\/www.oslonyokienne.com\/wp-content\/uploads\/2021\/11\/logo.png","width":255,"height":59,"caption":"Tax and Trade"},"image":{"@id":"https:\/\/www.oslonyokienne.com\/cs\/#\/schema\/logo\/image\/"}}]}},"_links":{"self":[{"href":"https:\/\/www.oslonyokienne.com\/cs\/wp-json\/wp\/v2\/pages\/439","targetHints":{"allow":["GET"]}}],"collection":[{"href":"https:\/\/www.oslonyokienne.com\/cs\/wp-json\/wp\/v2\/pages"}],"about":[{"href":"https:\/\/www.oslonyokienne.com\/cs\/wp-json\/wp\/v2\/types\/page"}],"author":[{"embeddable":true,"href":"https:\/\/www.oslonyokienne.com\/cs\/wp-json\/wp\/v2\/users\/1"}],"replies":[{"embeddable":true,"href":"https:\/\/www.oslonyokienne.com\/cs\/wp-json\/wp\/v2\/comments?post=439"}],"version-history":[{"count":1,"href":"https:\/\/www.oslonyokienne.com\/cs\/wp-json\/wp\/v2\/pages\/439\/revisions"}],"predecessor-version":[{"id":556,"href":"https:\/\/www.oslonyokienne.com\/cs\/wp-json\/wp\/v2\/pages\/439\/revisions\/556"}],"up":[{"embeddable":true,"href":"https:\/\/www.oslonyokienne.com\/cs\/wp-json\/wp\/v2\/pages\/443"}],"wp:attachment":[{"href":"https:\/\/www.oslonyokienne.com\/cs\/wp-json\/wp\/v2\/media?parent=439"}],"curies":[{"name":"wp","href":"https:\/\/api.w.org\/{rel}","templated":true}]}}